{"id":58,"date":"2012-10-22T11:59:01","date_gmt":"2012-10-22T09:59:01","guid":{"rendered":"http:\/\/cotmec.wordpress.com\/?page_id=58"},"modified":"2023-03-24T09:52:31","modified_gmt":"2023-03-24T07:52:31","slug":"environnement","status":"publish","type":"page","link":"https:\/\/cotmec.ch\/?page_id=58","title":{"rendered":"Environnement-Ecologie"},"content":{"rendered":"<h3><\/h3>\n<h4><strong>L&rsquo;Ecologie sera sociale ou ne sera pas. Ren\u00e9 Longet 5 d\u00e9cembre 2018.<\/strong><\/h4>\n<p>La perception que l\u2019\u00e9cologie conduit \u00e0 des restrictions et nous fait revenir en arri\u00e8re est encore tr\u00e8s ancr\u00e9e dans les esprits. Mais c\u2019est le contraire qui est vrai. D\u2019ailleurs, ceux qui se disent conservateurs et qui devraient conserver ce qui nous fait vivre conservent en r\u00e9alit\u00e9 un mode de vie destructeur et une vision conventionnelle, pharisienne et hypocrite du vivre ensemble (la famille unie et dans une d\u00e9finition normative, une religiosit\u00e9 avant tout formaliste, un nationalisme r\u00e9ducteur et exclusif). Et ceux qui se soucient des \u00e9quilibres \u00e9cologiques d\u00e9sesp\u00e8rent de ramener les humains \u00e0 la raison: changer nos modes de vie pour sauvegarder l\u2019essentiel des acquis du progr\u00e8s, conserver ce que nous avons de plus pr\u00e9cieux : les fonctionnalit\u00e9s et les merveilles de cette Plan\u00e8te que nous sommes en train de ravager.<\/p>\n<p>En r\u00e9alit\u00e9, il n\u2019y a que <strong>deux fa\u00e7ons de se sortir<\/strong> de la dynamique perverse domin\u00e9e par le toujours plus et les promesses non tenables : <strong>organiser la r\u00e9duction de l\u2019empreinte \u00e9cologique et retrouver une autonomie locale<\/strong>, ou subir cette r\u00e9duction dans un d\u00e9sordre qui peut marquer la fin du vivre ensemble et des valeurs d\u2019humanit\u00e9. A nouveau, les uns se soucient des budgets publics et les autres du fonctionnement de la nature et du fait qu\u2019on vit depuis une bonne g\u00e9n\u00e9ration au-dessus de nos moyens. Oui, l\u2019humanit\u00e9 danse sur un volcan. Et en \u00e9lisant de plus en plus des dirigeants d\u00e9nigrant la concertation internationale et mettant en avant le seul int\u00e9r\u00eat national (ou plut\u00f4t la vision qu\u2019ils en propagent), on s\u2019\u00e9loigne \u00e0 chaque fois plus de la solution et l\u00e9gitime la loi du plus fort.<\/p>\n<p>Comment expliquer ce refus de corriger la trajectoire, cette course \u00e0 l\u2019ab\u00eeme ? <strong>Le d\u00e9veloppement durable consiste \u00e0 mobiliser ensemble les facteurs \u00e9cologiques, \u00e9conomiques et sociaux<\/strong>. Cette trilogie a longtemps \u00e9t\u00e9 mal comprise, Mais elle est fondamentale.<\/p>\n<p>Le mod\u00e8le \u00e9conomique dominant nous vient tout droit de la r\u00e9volution industrielle et son horizon est celui des conqu\u00e9rants du 18e et 19e si\u00e8cle. A cette \u00e9poque, bien qu\u2019on sache d\u00e9j\u00e0 exterminer des esp\u00e8ces enti\u00e8res (le bison a failli y passer), la nature pouvait para\u00eetre immense \u00e0 \u00e9chelle humaine et sa r\u00e9silience \u00e9galement. Apr\u00e8s deux si\u00e8cles de pr\u00e9dation, de transformation du carbone fossile en gaz carbonique, de pollution des milieux naturels, les grands \u00e9quilibres sont touch\u00e9s : cycle de l\u2019eau, de l\u2019azote, du phosphore, du climat\u2026 La capacit\u00e9 de renouvellement des esp\u00e8ces, des sols, des for\u00eats, des oc\u00e9ans est atteinte et les ressources non renouvelables peu \u00e0 peu dissip\u00e9es. Le mod\u00e8le \u00e9conomique ne se soucie pas des limites des capacit\u00e9s de la nature \u00e0 nous fournir en ressources et \u00e0 dig\u00e9rer nos rejets !<\/p>\n<p><strong>Le changement a besoin d\u2019un nouveau mod\u00e8le d\u2019affaires o\u00f9 le r\u00e9sultat positif financier corresponde \u00e0 un r\u00e9sultat positif \u00e9cologique et social ; des pratiques comme l\u2019\u00e9conomie circulaire et de la fonctionnalit\u00e9, le commerce \u00e9quitable, l\u2019\u00e9conomie sociale et solidaire montrent l\u2019exemple<\/strong>. Mais sans int\u00e9grer aux calculs \u00e9conomiques la valeur des services rendus par la nature (les services \u00e9cosyst\u00e9miques), sans internalisation des externalit\u00e9s dont une activit\u00e9 charge autrui, la rentabilit\u00e9 d\u00e9pend exclusivement du bon vouloir des consommateurs \u00e0 payer le juste prix. Cela donne au mieux un march\u00e9 segment\u00e9, 10 \u00e0 15 {f4997d4cd9f0a8eb824f6bed07fe43193e82c8384d4866801ec683581a711682} de la population faisant le choix d\u2019une consommation responsable, la grande majorit\u00e9 r\u00e9pondant aux offres existantes et promues en toute l\u00e9galit\u00e9. Pourquoi se priver si tout le monde consomme \u00ab comme moi \u00bb?<\/p>\n<p><strong>Le changement a aussi besoin d\u2019un nouveau r\u00e9f\u00e9rentiel.<\/strong> Il est irresponsable de continuer \u00e0 s\u2019en tenir au PIB comme seule mesure de la r\u00e9alit\u00e9 ; cela fait un demi-si\u00e8cle que l\u2019on d\u00e9nonce ses lacunes criantes. Et il a besoin d\u2019une garantie d\u2019\u00e9quit\u00e9. En France, le mouvement social des gilets jaunes, jacquerie des temps modernes, exprime un rejet virulent d\u2019\u00e9lites sans empathie ni proximit\u00e9, symbolis\u00e9es aux yeux de beaucoup par la figure lisse du \u00ab sunny boy mondialis\u00e9 Macron \u00bb.<br \/>\nMais n\u2019a-t-on vraiment que le choix entre Macron et Trump ?<\/p>\n<p>Sans nouveau contrat social, pas de salut.<br \/>\nSans nouveau contrat social, pas de chemin vers l\u2019\u00e9cologie, cela est d\u00e9sormais \u00e9vident. Un des principes internationalement retenus dans la synth\u00e8se entre environnement et d\u00e9veloppement conclue au Sommet de la Terre de 1992 a \u00e9t\u00e9 celui des responsabilit\u00e9s communes mais diff\u00e9renci\u00e9es des Etats, selon leur part dans la charge environnementale mondiale. Ce principe vaut aussi au sein des Etats, pour la population de ceux-ci. Augmenter le prix de l\u2019essence alors que bien des d\u00e9placements sont impos\u00e9s par le fait que le travail se trouve \u00e0 50 km du domicile et que les dessertes ferroviaires locales ont ferm\u00e9 depuis des lustres ne peut \u00eatre v\u00e9cu que comme une in\u00e9galit\u00e9 de plus.<\/p>\n<p>Les chiffres sont clairs : aucune politique de redistribution n\u2019a accompagn\u00e9 la fin du mod\u00e8le des 30 Glorieuses avec son plein-emploi et son ascenseur social. Les augmentations impressionnantes de productivit\u00e9 n\u2019ont pas r\u00e9duit le co\u00fbt de la vie et le gros de la population s\u2019appauvrit ou du moins conna\u00eet, \u00e0 l\u2019inverse d\u2019une promesse de progr\u00e8s, un souci accru du lendemain. Car, dans un mouvement d\u00e9sesp\u00e9r\u00e9 de faire repartir le mod\u00e8le gripp\u00e9, on a all\u00e9g\u00e9 les charges des grandes fortunes, des investisseurs, de la finance \u2013 sans que cela ne fasse red\u00e9marrer le moins du monde le moteur social. Au contraire, on a, au bilan, une diminution sensible des revenus des m\u00e9nages, une augmentation constante des in\u00e9galit\u00e9s, de vastes territoires r\u00e9duits au r\u00f4le de friches industrielles ou agricoles, un sentiment profond d\u2019impuissance et de partialit\u00e9 des d\u00e9cideurs.<\/p>\n<p>La terrible expression de Fran\u00e7ois Hollande des \u00ab sans dents \u00bb r\u00e9sonne encore dans les oreilles, lourde de m\u00e9pris pour ces nombreuses personnes qui ne peuvent plus se payer les soins dentaires. Face \u00e0 la n\u00e9cessit\u00e9 de changer de trajectoire, <strong>Nicolas Hulot a excellemment r\u00e9sum\u00e9 la situation : concilier les fins de mois de la Plan\u00e8te et ceux de la population<\/strong>. La question est cruciale et d\u00e9cidera du sort du vivre ensemble sur cette Terre : comment garantir l\u2019\u00e9quit\u00e9 sociale et l\u2019\u00e9galit\u00e9 des chances en phase de d\u00e9croissance n\u00e9cessaire de l\u2019empreinte \u00e9cologique ?<\/p>\n<p>L\u2019\u00e9cologie sera \u00e9conomique ou ne sera pas ; elle sera sociale ou ne sera pas \u2013 en toute logique, l\u2019on retrouve l\u00e0 la trilogie de la durabilit\u00e9.<\/p>\n<p>&nbsp;<\/p>\n<h3><a href=\"https:\/\/cotmec.ch\/wp-content\/uploads\/2018\/04\/Rene\u0301-Longet-exp.-5-3-2018-1.pdf\" target=\"_blank\" rel=\"noopener noreferrer\">Pr\u00e9sentation de la publication<\/a> \u00ab\u00a0Des germes d&rsquo;esp\u00e9rance pour la vie sur la plan\u00e8te\u00a0\u00bb par Ren\u00e9 Longet, Gen\u00e8ve 5 mars 2018.<\/h3>\n<h3><a href=\"https:\/\/cotmec.ch\/wp-content\/uploads\/2018\/04\/PHD-Schluter-propre-Pense\u0301e-relationnelle-et-Bien-Commun.pdf\" target=\"_blank\" rel=\"noopener noreferrer\">Pens\u00e9e relationnelle<\/a> et Bien commun de Dr. M. Schluter 2016.<\/h3>\n<p>&nbsp;<\/p>\n<h3><b>JUSTICE CLIMATIQUE<br \/>\n<\/b><br \/>\nS\u00e9cheresses, ouragans, inondations \u00e0 r\u00e9p\u00e9tition nous rappellent r\u00e9guli\u00e8rement les changements climatiques mena\u00e7ant notre plan\u00e8te. Les personnes les plus touch\u00e9es, soit les populations pauvres du Sud, sont celles qui y contribuent le moins. Ce sont les pays industrialis\u00e9s qui sont historiquement les plus responsables des changements climatiques et ils doivent \u00eatre \u00e0 l\u2019avant-garde des transformations \u00e0 mener pour diminuer les \u00e9missions de gaz \u00e0 effet de serre.<\/h3>\n<h3>Apr\u00e8s l&rsquo;adoption en 1992 \u00e0 Rio de Janeiro de la Convention-cadre sur les changements climatiques, il est vite apparu que les dispositions de cet accord ne seraient pas assez concr\u00e8tes ni contraignantes pour garantir une protection du climat plan\u00e9taire et coordonn\u00e9e \u00e0 l&rsquo;\u00e9chelle internationale. C&rsquo;est pourquoi, en 1997 un accord additionnel, le Protocole de Kyoto a \u00e9t\u00e9 adopt\u00e9. Les pays industrialis\u00e9s se sont engag\u00e9s \u00e0 r\u00e9duire leurs \u00e9missions de gaz \u00e0 effet de serre de 5,2{f4997d4cd9f0a8eb824f6bed07fe43193e82c8384d4866801ec683581a711682} en moyenne d\u2019ici 2012. H\u00e9las, ces engagements n&rsquo;ont pas \u00e9t\u00e9 tenus et le protocole de Kyoto est arriv\u00e9 \u00e0 \u00e9ch\u00e9ance.\u00a0 Un nouveau cycle de n\u00e9gociations a \u00e9t\u00e9 ouvert, mais des objectifs toujours moins ambitieux se profilent. La crise financi\u00e8re a rel\u00e9gu\u00e9 au second plan les pr\u00e9occupations environnementales.<\/h3>\n<h3>Il est urgent, parall\u00e8lement \u00e0 la r\u00e9duction massive des \u00e9missions de gaz \u00e0 effet de serre, de respecter le droit \u00e0 un d\u00e9veloppement durable des pays du Sud. Les pays industrialis\u00e9s doivent encourager ce d\u00e9veloppement et \u00e9viter que leurs erreurs se reproduisent.<\/h3>\n<h3><\/h3>\n<h3><\/h3>\n<p>&nbsp;<\/p>\n","protected":false},"excerpt":{"rendered":"<p>L&rsquo;Ecologie sera sociale ou ne sera pas. Ren\u00e9 Longet 5 d\u00e9cembre 2018. La perception que l\u2019\u00e9cologie conduit \u00e0 des restrictions et nous fait revenir en arri\u00e8re est encore tr\u00e8s ancr\u00e9e dans les esprits. Mais c\u2019est le contraire qui est vrai. <a href=\"https:\/\/cotmec.ch\/?page_id=58\" class=\"read-more\">Lire plus &#8230;<\/a><\/p>\n","protected":false},"author":1,"featured_media":1813,"parent":13,"menu_order":1,"comment_status":"closed","ping_status":"open","template":"","meta":{"footnotes":""},"class_list":["post-58","page","type-page","status-publish","has-post-thumbnail","hentry"],"_links":{"self":[{"href":"https:\/\/cotmec.ch\/index.php?rest_route=\/wp\/v2\/pages\/58"}],"collection":[{"href":"https:\/\/cotmec.ch\/index.php?rest_route=\/wp\/v2\/pages"}],"about":[{"href":"https:\/\/cotmec.ch\/index.php?rest_route=\/wp\/v2\/types\/page"}],"author":[{"embeddable":true,"href":"https:\/\/cotmec.ch\/index.php?rest_route=\/wp\/v2\/users\/1"}],"replies":[{"embeddable":true,"href":"https:\/\/cotmec.ch\/index.php?rest_route=%2Fwp%2Fv2%2Fcomments&post=58"}],"version-history":[{"count":19,"href":"https:\/\/cotmec.ch\/index.php?rest_route=\/wp\/v2\/pages\/58\/revisions"}],"predecessor-version":[{"id":3831,"href":"https:\/\/cotmec.ch\/index.php?rest_route=\/wp\/v2\/pages\/58\/revisions\/3831"}],"up":[{"embeddable":true,"href":"https:\/\/cotmec.ch\/index.php?rest_route=\/wp\/v2\/pages\/13"}],"wp:featuredmedia":[{"embeddable":true,"href":"https:\/\/cotmec.ch\/index.php?rest_route=\/wp\/v2\/media\/1813"}],"wp:attachment":[{"href":"https:\/\/cotmec.ch\/index.php?rest_route=%2Fwp%2Fv2%2Fmedia&parent=58"}],"curies":[{"name":"wp","href":"https:\/\/api.w.org\/{rel}","templated":true}]}}