{"id":64,"date":"2021-05-20T09:00:31","date_gmt":"2021-05-20T07:00:31","guid":{"rendered":"http:\/\/cotmec.wordpress.com\/?page_id=64"},"modified":"2023-03-24T18:01:14","modified_gmt":"2023-03-24T16:01:14","slug":"finance","status":"publish","type":"page","link":"https:\/\/cotmec.ch\/?page_id=64","title":{"rendered":"Finance\/Ethique"},"content":{"rendered":"<h2>Le monde de la finance<\/h2>\n<h4><a href=\"https:\/\/www.vaticannews.va\/fr\/pape\/news\/2021-05\/video-pape-mai-2021-finance.html\" target=\"_blank\" rel=\"noopener noreferrer\">En vid\u00e9o l&rsquo;intention du Pape en ce mois de mai 2021<\/a><\/h4>\n<h4>voici le texte:<br \/>\n\u00abAlors que l&rsquo;\u00e9conomie r\u00e9elle, celle qui cr\u00e9e des emplois, est en crise, et que beaucoup sont au ch\u00f4mage, les march\u00e9s financiers eux n&rsquo;ont jamais \u00e9t\u00e9 aussi hypertrophi\u00e9s qu&rsquo;aujourd&rsquo;hui. Que le monde de la finance est loin de la vie de la plupart des gens !<br \/>\nQuand elle n&rsquo;est pas r\u00e9gul\u00e9e, la finance devient de la simple sp\u00e9culation soutenue par certaines politiques mon\u00e9taires. Cette situation est insoutenable. Dangereuse. Pour \u00e9viter que les pauvres ne paient encore une fois les cons\u00e9quences, la sp\u00e9culation financi\u00e8re doit \u00eatre strictement r\u00e9glement\u00e9e.<br \/>\nLa sp\u00e9culation. J\u2019insiste sur ce terme. Les finances devraient plut\u00f4t \u00eatre un instrument de service, orient\u00e9 vers les personnes et le soin de la maison commune! Il est encore temps d\u2019amorcer un processus de changement global pour une \u00e9conomie diff\u00e9rente, plus juste, plus inclusive et plus durable, sans laisser personne de c\u00f4t\u00e9.<br \/>\nAgissons! Prions pour que les responsables de la finance collaborent avec les gouvernements afin de r\u00e9glementer les march\u00e9s financiers et prot\u00e9ger les citoyens de leurs dangers.\u00bb<\/h4>\n<p>&nbsp;<\/p>\n<blockquote>\n<h2><b>\u00a0\u00a0\u00a0\u00a0\u00a0\u00a0\u00a0\u00a0\u00a0\u00a0\u00a0\u00a0\u00a0\u00a0 PARADIS FISCAUX<\/b><\/h2>\n<\/blockquote>\n<h2><b>LE PARADIS DES UNS CR\u00c9E L&rsquo;ENFER DES AUTRES <\/b><\/h2>\n<h3>Depuis quelques ann\u00e9es, le secret bancaire helv\u00e9tique est mis sur la sellette. Les pays europ\u00e9ens et ceux de l&rsquo;OCDE ne tol\u00e8rent plus les scandales et les pratiques dommageables en mati\u00e8re fiscale qu&rsquo;il occulte. Les pays du Sud sont tout particuli\u00e8rement concern\u00e9s : les fonds g\u00e9r\u00e9s par les banques suisses engendrent des pertes fiscales pour ces Etats \u00e9quivalant \u00e0 cinq fois l&rsquo;aide au d\u00e9veloppement de la Conf\u00e9d\u00e9ration. Or, la plupart du temps, ces pays sont exclus des d\u00e9bats \u00e0 ce sujet.<\/h3>\n<h3>C\u00b4est avec le souci de remettre les priorit\u00e9s de la justice et de la solidarit\u00e9 mondiale au centre des pr\u00e9occupations que la COTMEC s&rsquo;attache depuis plusieurs ann\u00e9es \u00e0 analyser les m\u00e9canismes fiscaux qui, \u00e0 l\u00b4\u0153uvre ici, cr\u00e9ent l\u00b4injustice l\u00e0-bas. La publication, en 2002, du livre \u00ab\u00a0La Suisse dans la constellation des paradis fiscaux\u00a0\u00bb, ainsi que tout le travail documentaire r\u00e9alis\u00e9 en amont, ont permis \u00e0 la COTMEC de s\u00b4installer durablement dans les d\u00e9bats men\u00e9s autour de l\u00b4\u00e9vasion fiscale, de l\u00b4argent sale et des paradis fiscaux. La cr\u00e9ation, au d\u00e9but de l\u00b4ann\u00e9e 2003, d\u00b4un r\u00e9seau international pour la justice fiscale, le Tax Justice Network, a donn\u00e9 un formidable essor aux organisations comme la COTMEC qui, en Suisse ou ailleurs, travaillent sur les probl\u00e9matiques financi\u00e8res.<\/h3>\n<h3>Dans la m\u00eame lign\u00e9e, le lancement en janvier 2004 par la D\u00e9claration de Berne et AllianceSud d\u00b4une campagne intitul\u00e9e \u00ab\u00a0Evasion fiscale : la fin du silence\u00a0\u00bb, a beaucoup contribu\u00e9 \u00e0 maintenir cette probl\u00e9matique dans le champ de nos activit\u00e9s.\u00a0 La COTMEC est ainsi membre d\u00b4un groupe de travail sur les paradis fiscaux, rassemblant des repr\u00e9sentants de diverses associations, dont ATTAC, \u00e0 l\u00b4origine de l\u00b4initiative. Par ailleurs, elle continue de consulter divers acteurs \u00e9conomiques et sociaux en Suisse afin d\u00b4actualiser ses connaissances de ce dossier.<\/h3>\n<h2><b>Comment agir ?<\/b><\/h2>\n<h3>Plusieurs associations en Suisse et \u00e0 l&rsquo;international\u00a0entreprennent des campagnes d&rsquo;informations, de formation et de\u00a0plaidoyer\u00a0politique. En soutenant ces associations de fa\u00e7on active ou passive vous agissez pour qu&rsquo;une r\u00e9partition de la richesse nationale et\/ou internationale plus juste puisse avoir lieu.<br \/>\nParmi les associations qui travaillent directement sur la fiscalit\u00e9 (r\u00e9partition, \u00e9vasion fiscale, biens mal acquis, paradis fiscaux, secret bancaire) on peut citer: le Tax Justice Network, ATTAC, Alliance Sud, la D\u00e9claration de Berne et Actares.<\/h3>\n<h3>En tant que citoyen, utilisez \u00a0votre droit de vote sans restriction pour une politique fiscale juste!<\/h3>\n<h2><a href=\"https:\/\/cotmec.ch\/wp-content\/uploads\/2018\/07\/Apart.jpg\"><img loading=\"lazy\" decoding=\"async\" class=\"alignnone size-full wp-image-1848\" src=\"https:\/\/cotmec.ch\/wp-content\/uploads\/2018\/07\/Apart.jpg\" alt=\"\" width=\"1920\" height=\"1043\" srcset=\"https:\/\/cotmec.ch\/wp-content\/uploads\/2018\/07\/Apart.jpg 1920w, https:\/\/cotmec.ch\/wp-content\/uploads\/2018\/07\/Apart-300x163.jpg 300w, https:\/\/cotmec.ch\/wp-content\/uploads\/2018\/07\/Apart-768x417.jpg 768w, https:\/\/cotmec.ch\/wp-content\/uploads\/2018\/07\/Apart-1024x556.jpg 1024w\" sizes=\"(max-width: 1920px) 100vw, 1920px\" \/><\/a><\/h2>\n<h2><b>R\u00c9PARATIONS EN AFRIQUE DU SUD<\/b><\/h2>\n<h3>La COTMEC, d\u00e8s sa cr\u00e9ation en 1978, participe des mouvements de d\u00e9nonciation syst\u00e9matique des relations commerciales et financi\u00e8res qu\u2019entretient la Suisse avec le r\u00e9gime d\u2019Apartheid. Malgr\u00e9 les condamnations et les sanctions de la communaut\u00e9 internationale vis \u00e0 vis de l\u2019Afrique du Sud, dont\u00a0elle consid\u00e8re le r\u00e9gime comme responsable de crime contre l\u2019humanit\u00e9, plusieurs entreprises suisses ont maintenu leur soutien \u00e0 ce r\u00e9gime d\u2019oppression.<\/h3>\n<h3>En 1989, la COTMEC rejoint le mouvement anti-apartheid et sa campagne \u00ab\u00a0pas un sou pour l\u2019apartheid\u00a0\u00bb qui invitait tout un chacun \u00e0 retirer son compte des banques impliqu\u00e9es.<br \/>\nEn 1993, elle publie une brochure, \u00ab\u00a0Afrique du Sud\u00a0: le tournant d\u00e9cisif\u00a0\u00bb, qui est le r\u00e9sultat d\u2019un travail \u0153cum\u00e9nique exemplaire. Aujourd\u2019hui, la COTMEC fait partie de la Coordination suisse de la \u00ab\u00a0Campagne pour l&rsquo;annulation des\u00a0dettes\u00a0et les r\u00e9parations en Afrique\u00a0australe\u00a0\u00bb (KEESA en allemand). Cette derni\u00e8re a \u00e9t\u00e9 cr\u00e9\u00e9e en 1998 dans le cadre d&rsquo;une Campagne internationale (environ 40 organisations) poursuivant les m\u00eames buts. Elle exige que la v\u00e9rit\u00e9 soit faite sur les relations de la Suisse avec le r\u00e9gime de l\u2019apartheid et soutient les plaintes d\u00e9pos\u00e9es par le collectif d\u2019entraide de victimes de l\u2019apartheid <i>Khulumani<\/i>.<\/h3>\n<h2><b>Le proc\u00e8s de l\u2019Apartheid<\/b><\/h2>\n<h3>A partir de 1998, le r\u00e9seau d\u2019ONG sud-africaines n\u2019a eu de cesse d\u2019interpeller le milieu des affaires afin qu\u2019il participe \u00e0 un dialogue ouvert sur son r\u00f4le durant l\u2019apartheid et<br \/>\nsa responsabilit\u00e9 en mati\u00e8re de r\u00e9parations. Face \u00e0 la politique de la chaise vide pratiqu\u00e9e par ce dernier, les ONG ont d\u00e9cid\u00e9 d\u2019entamer une proc\u00e9dure juridique. Le 11 novembre 2002 une demande en r\u00e9paration, faite au nom du collectif d\u2019entraide des victimes Kulumani, a \u00e9t\u00e9 d\u00e9pos\u00e9e \u00e0 New York. Elle accusait 23 banques et entreprises \u00e9trang\u00e8res, dont le Cr\u00e9dit Suisse et l\u2019Union des Banques Suisses, de participation ou de complicit\u00e9 avec le r\u00e9gime de l\u2019apartheid.<\/h3>\n<h2><b>Les chercheurs suisses<\/b><\/h2>\n<h3>Faisant suite au d\u00e9bat sur le comportement de la Suisse pendant la seconde guerre mondiale, la conseill\u00e8re nationale St. Galloise Pia Hollenstein revendiquait en 1998, par une initiative parlementaire, l&rsquo;instauration d&rsquo;une commission d&rsquo;enqu\u00eate ind\u00e9pendante afin d&rsquo;\u00e9tudier les relations suisses avec l&rsquo;Etat de d&rsquo;Apartheid.<br \/>\nLe Conseil National a rejet\u00e9 cette initiative et a pr\u00e9f\u00e9r\u00e9 initier \u00e0 la place un programme de recherche de moindre envergure financ\u00e9 par le Fond National, le PNR 42+. Sur la base de conditions extr\u00eamement restrictives (d\u00e9lai de la recherche, montant mis \u00e0 disposition et surtout restrictions d\u2019acc\u00e8s aux archives publiques et priv\u00e9es tant en Suisse qu\u2019en Afrique du Sud), le PNR 42 + est institu\u00e9 en mai 2000.<br \/>\nLes analyses identifient, entre autres, les principaux acteurs impliqu\u00e9s et les liens \u00e9conomiques qu\u2019ils ont entretenu avec l\u2019Afrique du Sud dans les domaines du commerce de cr\u00e9dits, d\u2019or, de diamants et de mat\u00e9riel de guerre. Les principales compagnies concern\u00e9es sont le Cr\u00e9dit Suisse, l\u2019UBS, Holcim, Metalor, Nestl\u00e9, Novartis et Schindler. En 2003, les plaintes collectives d\u00e9pos\u00e9es aux Etats-Unis contre ces m\u00eames firmes donnent pr\u00e9texte au Conseil f\u00e9d\u00e9ral pour \u00e9riger un embargo partiel dans l\u2019 acc\u00e8s aux archives.<br \/>\nLa publication du rapport final officiel du programme de recherches est sortie en octobre 2005. La liste des projets ainsi que les principaux r\u00e9sultats de recherche sont disponibles sur le site web du PNR42+.<\/h3>\n<h2><b>Comment agir ?<\/b><\/h2>\n<h3>En boycottant les produits et les services des firmes et des banques\u00a0\u00a0qui ont soutenu le r\u00e9gime d&rsquo;apartheid (Cr\u00e9dit Suisse, l\u2019UBS, Holcim, Metalor, Nestl\u00e9, Novartis et Schindler) vous marquez votre refus\u00a0vis \u00e0 vis de\u00a0politiques commerciales d&rsquo;exploitation.<\/h3>\n<h3>Vous pouvez \u00e9galement soutenir les associations qui d\u00e9noncent sans rel\u00e2che\u00a0la complicit\u00e9 de plusieurs entreprises suisses avec le r\u00e9gime de l&rsquo;apartheid (voir nos liens) et marquer ainsi\u00a0votre soutien aux victimes.<\/h3>\n<p>&nbsp;<\/p>\n<p>&nbsp;<\/p>\n<p>&nbsp;<\/p>\n","protected":false},"excerpt":{"rendered":"<p>Le monde de la finance En vid\u00e9o l&rsquo;intention du Pape en ce mois de mai 2021 voici le texte: \u00abAlors que l&rsquo;\u00e9conomie r\u00e9elle, celle qui cr\u00e9e des emplois, est en crise, et que beaucoup sont au ch\u00f4mage, les march\u00e9s financiers <a href=\"https:\/\/cotmec.ch\/?page_id=64\" class=\"read-more\">Lire plus &#8230;<\/a><\/p>\n","protected":false},"author":1,"featured_media":0,"parent":13,"menu_order":4,"comment_status":"closed","ping_status":"open","template":"","meta":{"footnotes":""},"class_list":["post-64","page","type-page","status-publish","hentry"],"_links":{"self":[{"href":"https:\/\/cotmec.ch\/index.php?rest_route=\/wp\/v2\/pages\/64"}],"collection":[{"href":"https:\/\/cotmec.ch\/index.php?rest_route=\/wp\/v2\/pages"}],"about":[{"href":"https:\/\/cotmec.ch\/index.php?rest_route=\/wp\/v2\/types\/page"}],"author":[{"embeddable":true,"href":"https:\/\/cotmec.ch\/index.php?rest_route=\/wp\/v2\/users\/1"}],"replies":[{"embeddable":true,"href":"https:\/\/cotmec.ch\/index.php?rest_route=%2Fwp%2Fv2%2Fcomments&post=64"}],"version-history":[{"count":17,"href":"https:\/\/cotmec.ch\/index.php?rest_route=\/wp\/v2\/pages\/64\/revisions"}],"predecessor-version":[{"id":4276,"href":"https:\/\/cotmec.ch\/index.php?rest_route=\/wp\/v2\/pages\/64\/revisions\/4276"}],"up":[{"embeddable":true,"href":"https:\/\/cotmec.ch\/index.php?rest_route=\/wp\/v2\/pages\/13"}],"wp:attachment":[{"href":"https:\/\/cotmec.ch\/index.php?rest_route=%2Fwp%2Fv2%2Fmedia&parent=64"}],"curies":[{"name":"wp","href":"https:\/\/api.w.org\/{rel}","templated":true}]}}